{"id":26298,"date":"2026-04-15T09:35:12","date_gmt":"2026-04-15T09:35:12","guid":{"rendered":"https:\/\/laaith.org\/activities\/savas-zamaninda-silte-dagitimi\/"},"modified":"2026-04-19T09:54:28","modified_gmt":"2026-04-19T09:54:28","slug":"savas-zamaninda-silte-dagitimi","status":"publish","type":"activities","link":"https:\/\/laaith.org\/tr\/activities\/savas-zamaninda-silte-dagitimi\/","title":{"rendered":"Sava\u015f zaman\u0131nda \u015filte da\u011f\u0131t\u0131m\u0131"},"content":{"rendered":"\t\t<div data-elementor-type=\"wp-post\" data-elementor-id=\"26298\" class=\"elementor elementor-26298 elementor-25945\" data-elementor-post-type=\"activities\">\n\t\t\t\t<div class=\"elementor-element elementor-element-9536581 e-flex e-con-boxed e-con e-parent\" data-id=\"9536581\" data-element_type=\"container\" data-e-type=\"container\">\n\t\t\t\t\t<div class=\"e-con-inner\">\n\t\t\t\t<div class=\"elementor-element elementor-element-7e0c68f elementor-widget elementor-widget-heading\" data-id=\"7e0c68f\" data-element_type=\"widget\" data-e-type=\"widget\" data-widget_type=\"heading.default\">\n\t\t\t\t<div class=\"elementor-widget-container\">\n\t\t\t\t\t<h2 class=\"elementor-heading-title elementor-size-default\">\u201cLaith\u201d yerinden edilmi\u015f insanlara s\u0131cakl\u0131k getiriyor<\/h2>\t\t\t\t<\/div>\n\t\t\t\t<\/div>\n\t\t\t\t<div class=\"elementor-element elementor-element-ba0505f elementor-widget elementor-widget-image\" data-id=\"ba0505f\" data-element_type=\"widget\" data-e-type=\"widget\" data-widget_type=\"image.default\">\n\t\t\t\t<div class=\"elementor-widget-container\">\n\t\t\t\t\t\t\t\t\t\t\t\t\t\t\t<img fetchpriority=\"high\" decoding=\"async\" width=\"1024\" height=\"428\" src=\"https:\/\/laaith.org\/wp-content\/uploads\/2026\/04\/\u0628\u0646\u0631-\u0641\u0631\u0634\u0627\u062a-\u0627\u0628\u0648\u0627\u0628-\u0627\u0644\u062e\u064a\u0631-1024x428.png\" class=\"attachment-large size-large wp-image-26296\" alt=\"\" srcset=\"https:\/\/laaith.org\/wp-content\/uploads\/2026\/04\/\u0628\u0646\u0631-\u0641\u0631\u0634\u0627\u062a-\u0627\u0628\u0648\u0627\u0628-\u0627\u0644\u062e\u064a\u0631-1024x428.png 1024w, https:\/\/laaith.org\/wp-content\/uploads\/2026\/04\/\u0628\u0646\u0631-\u0641\u0631\u0634\u0627\u062a-\u0627\u0628\u0648\u0627\u0628-\u0627\u0644\u062e\u064a\u0631-300x126.png 300w, https:\/\/laaith.org\/wp-content\/uploads\/2026\/04\/\u0628\u0646\u0631-\u0641\u0631\u0634\u0627\u062a-\u0627\u0628\u0648\u0627\u0628-\u0627\u0644\u062e\u064a\u0631-768x321.png 768w, https:\/\/laaith.org\/wp-content\/uploads\/2026\/04\/\u0628\u0646\u0631-\u0641\u0631\u0634\u0627\u062a-\u0627\u0628\u0648\u0627\u0628-\u0627\u0644\u062e\u064a\u0631.png 1286w\" sizes=\"(max-width: 1024px) 100vw, 1024px\" \/>\t\t\t\t\t\t\t\t\t\t\t\t\t\t\t<\/div>\n\t\t\t\t<\/div>\n\t\t\t\t<div class=\"elementor-element elementor-element-a30bd01 elementor-widget elementor-widget-text-editor\" data-id=\"a30bd01\" data-element_type=\"widget\" data-e-type=\"widget\" data-widget_type=\"text-editor.default\">\n\t\t\t\t<div class=\"elementor-widget-container\">\n\t\t\t\t\t\t\t\t\t<h3 data-path-to-node=\"1\"><b data-path-to-node=\"1\" data-index-in-node=\"0\">Gazze\u2019de \u0130nsani Dokunu\u015f: Leith Yard\u0131m Ekibi Yerinden Edilmi\u015f Ailelere Yatak Da\u011f\u0131tt\u0131<\/b><\/h3>\n<p><\/p>\n<p data-path-to-node=\"2\">Gazze \u015eeridi halk\u0131n\u0131n ya\u015fad\u0131\u011f\u0131 zorlu ko\u015fullar alt\u0131nda, <b data-path-to-node=\"2\" data-index-in-node=\"55\">Leith Yard\u0131m Ekibi<\/b> 2 \u015eubat 2025 Pazar g\u00fcn\u00fc yeni bir insani kampanya ba\u015flatt\u0131. Bu kampanya, Kuzey Gazze\u2019deki yerinden edilmi\u015f ve ihtiya\u00e7 sahibi ailelere <b data-path-to-node=\"2\" data-index-in-node=\"207\">yeni yataklar\u0131n da\u011f\u0131t\u0131lmas\u0131n\u0131<\/b> kapsamaktad\u0131r.<\/p>\n<p><\/p>\n<p data-path-to-node=\"3\"><b data-path-to-node=\"3\" data-index-in-node=\"0\">Acil \u0130htiya\u00e7 ve Bar\u0131nma Krizi<\/b> Bu giri\u015fim, tekrarlanan yerinden edilme dalgalar\u0131n\u0131n ard\u0131ndan ortaya \u00e7\u0131kan acil ihtiya\u00e7lara h\u0131zl\u0131 bir yan\u0131t olarak hayata ge\u00e7irilmi\u015ftir. Y\u00fczlerce aile, en temel konfor ve onur standartlar\u0131ndan yoksun bar\u0131nma merkezlerinde veya ge\u00e7ici \u00e7ad\u0131rlarda ya\u015famak zorunda kalm\u0131\u015ft\u0131r.<\/p>\n<p><\/p>\n<p data-path-to-node=\"4\"><b data-path-to-node=\"4\" data-index-in-node=\"0\">Hedef Kitle ve Da\u011f\u0131t\u0131m B\u00f6lgeleri<\/b> Ekip, zor ya\u015fam ko\u015fullar\u0131yla m\u00fccadele eden ailelere <b data-path-to-node=\"4\" data-index-in-node=\"85\">100 adet yatak<\/b> ula\u015ft\u0131rm\u0131\u015ft\u0131r. Kampanya, dinlenme ve uyku ihtiyac\u0131 en y\u00fcksek olan <b data-path-to-node=\"4\" data-index-in-node=\"166\">\u00e7ocuklar ve ya\u015fl\u0131lar<\/b> \u00fczerinde yo\u011funla\u015fm\u0131\u015ft\u0131r. Hedeflenen b\u00f6lgeler aras\u0131nda s\u0131\u011f\u0131naklara d\u00f6n\u00fc\u015ft\u00fcr\u00fclen okullar ve bar\u0131nma merkezlerinin yan\u0131 s\u0131ra, k\u0131smen hasar g\u00f6rm\u00fc\u015f ve ge\u00e7ici olarak onar\u0131lm\u0131\u015f evler de yer almaktad\u0131r.<\/p>\n<p><\/p>\n<p data-path-to-node=\"5\"><b data-path-to-node=\"5\" data-index-in-node=\"0\">Ya\u015fl\u0131lara Destek ve \u0130nsani Bo\u015flu\u011fu Doldurma<\/b> Ekip, projenin \u00f6zellikle ya\u015fl\u0131lar i\u00e7in \u00f6nemini vurgulam\u0131\u015ft\u0131r; zira bu grup, sa\u011fl\u0131k durumlar\u0131 ve ya\u015fam \u015fartlar\u0131 nedeniyle g\u00fcnl\u00fck b\u00fcy\u00fck zorluklarla kar\u015f\u0131la\u015fmaktad\u0131r. Ekip \u00fcyeleri, kesintisiz abluka ve tekrarlanan sava\u015flar\u0131n derinle\u015ftirdi\u011fi <b data-path-to-node=\"5\" data-index-in-node=\"282\">insani bo\u015fluklar\u0131<\/b> doldurmak i\u00e7in s\u00fcrekli \u00e7al\u0131\u015ft\u0131klar\u0131n\u0131 belirtmi\u015ftir.<\/p>\n<p><\/p>\n<p data-path-to-node=\"6\"><b data-path-to-node=\"6\" data-index-in-node=\"0\">Psikolojik Etki ve Toplumsal Minnet<\/b> Yard\u0131m alan aileler, bu giri\u015fimden dolay\u0131 derin \u015f\u00fckranlar\u0131n\u0131 dile getirmi\u015ftir. Onlar i\u00e7in bu yard\u0131m sadece bir yatak de\u011fil, uzun s\u00fcredir mahrum kald\u0131klar\u0131 bir rahatlama arac\u0131 ve basit de olsa bir g\u00fcvenlik hissidir. Bu insani dokunu\u015f, zorlu s\u00fcrg\u00fcn ko\u015fullar\u0131nda psikolojik istikrar\u0131n yeniden sa\u011flanmas\u0131na katk\u0131da bulunmu\u015ftur.<\/p>\n<p><\/p>\n<p data-path-to-node=\"7\"><b data-path-to-node=\"7\" data-index-in-node=\"0\">Sonu\u00e7 ve Ba\u011f\u0131\u015f \u00c7a\u011fr\u0131s\u0131<\/b> T\u00fcm zorluklara ra\u011fmen <b data-path-to-node=\"7\" data-index-in-node=\"45\">Leith Yard\u0131m Ekibi<\/b>, \u00e7al\u0131\u015fmalar\u0131n\u0131 durmaks\u0131z\u0131n s\u00fcrd\u00fcrmektedir. G\u00f6n\u00fcll\u00fclerin azmi, iyilik kervanlar\u0131n\u0131 hareket ettirmekte ve yaral\u0131 Gazze&#8217;nin her k\u00f6\u015fesinde ihtiya\u00e7 sahiplerine umut vermektedir. Ekip, ba\u011f\u0131\u015f\u00e7\u0131lara seslenerek bu t\u00fcr kampanyalar\u0131n en az g\u0131da ve su yard\u0131mlar\u0131 kadar \u00f6nemli oldu\u011funu vurgulam\u0131\u015f ve projeye katk\u0131 sa\u011flayan herkese te\u015fekk\u00fcrlerini sunmu\u015ftur.<\/p>\n\t\t\t\t\t\t\t\t<\/div>\n\t\t\t\t<\/div>\n\t\t\t\t\t<\/div>\n\t\t\t\t<\/div>\n\t\t\t\t<\/div>\n\t\t","protected":false},"featured_media":26297,"template":"","class_list":["post-26298","activities","type-activities","status-publish","has-post-thumbnail","hentry","entry"],"acf":[],"yoast_head":"<!-- This site is optimized with the Yoast SEO plugin v27.4 - https:\/\/yoast.com\/product\/yoast-seo-wordpress\/ -->\n<title>Sava\u015f zaman\u0131nda \u015filte da\u011f\u0131t\u0131m\u0131 - \u0645\u0643\u062a\u0628 \u0644\u064a\u062b \u0627\u0644\u0625\u063a\u0627\u062b\u064a<\/title>\n<meta name=\"robots\" content=\"index, follow, max-snippet:-1, max-image-preview:large, max-video-preview:-1\" \/>\n<link rel=\"canonical\" href=\"https:\/\/laaith.org\/tr\/activities\/savas-zamaninda-silte-dagitimi\/\" \/>\n<meta property=\"og:locale\" content=\"tr_TR\" \/>\n<meta property=\"og:type\" content=\"article\" \/>\n<meta property=\"og:title\" content=\"Sava\u015f zaman\u0131nda \u015filte da\u011f\u0131t\u0131m\u0131 - \u0645\u0643\u062a\u0628 \u0644\u064a\u062b \u0627\u0644\u0625\u063a\u0627\u062b\u064a\" \/>\n<meta property=\"og:description\" content=\"\u201cLaith\u201d yerinden edilmi\u015f insanlara s\u0131cakl\u0131k getiriyor Gazze\u2019de \u0130nsani Dokunu\u015f: Leith Yard\u0131m Ekibi Yerinden Edilmi\u015f Ailelere Yatak Da\u011f\u0131tt\u0131 Gazze \u015eeridi halk\u0131n\u0131n ya\u015fad\u0131\u011f\u0131 zorlu ko\u015fullar alt\u0131nda, Leith Yard\u0131m Ekibi 2 \u015eubat 2025 Pazar g\u00fcn\u00fc yeni bir insani kampanya ba\u015flatt\u0131. Bu kampanya, Kuzey Gazze\u2019deki yerinden edilmi\u015f ve ihtiya\u00e7 sahibi ailelere yeni yataklar\u0131n da\u011f\u0131t\u0131lmas\u0131n\u0131 kapsamaktad\u0131r. Acil \u0130htiya\u00e7 ve Bar\u0131nma [&hellip;]\" \/>\n<meta property=\"og:url\" content=\"https:\/\/laaith.org\/tr\/activities\/savas-zamaninda-silte-dagitimi\/\" \/>\n<meta property=\"og:site_name\" content=\"\u0645\u0643\u062a\u0628 \u0644\u064a\u062b \u0627\u0644\u0625\u063a\u0627\u062b\u064a\" \/>\n<meta property=\"article:modified_time\" content=\"2026-04-19T09:54:28+00:00\" \/>\n<meta property=\"og:image\" content=\"https:\/\/laaith.org\/wp-content\/uploads\/2026\/04\/\u0641\u0631\u0634\u0627\u062a-\u0627\u0628\u0648\u0627\u0628-\u0627\u0644\u062e\u064a\u0631-373x240-1.png\" \/>\n\t<meta property=\"og:image:width\" content=\"373\" \/>\n\t<meta property=\"og:image:height\" content=\"240\" \/>\n\t<meta property=\"og:image:type\" content=\"image\/png\" \/>\n<meta name=\"twitter:card\" content=\"summary_large_image\" \/>\n<meta name=\"twitter:label1\" content=\"Tahmini okuma s\u00fcresi\" \/>\n\t<meta name=\"twitter:data1\" content=\"2 dakika\" \/>\n<script type=\"application\/ld+json\" class=\"yoast-schema-graph\">{\"@context\":\"https:\\\/\\\/schema.org\",\"@graph\":[{\"@type\":\"WebPage\",\"@id\":\"https:\\\/\\\/laaith.org\\\/tr\\\/activities\\\/savas-zamaninda-silte-dagitimi\\\/\",\"url\":\"https:\\\/\\\/laaith.org\\\/tr\\\/activities\\\/savas-zamaninda-silte-dagitimi\\\/\",\"name\":\"Sava\u015f zaman\u0131nda \u015filte da\u011f\u0131t\u0131m\u0131 - \u0645\u0643\u062a\u0628 \u0644\u064a\u062b \u0627\u0644\u0625\u063a\u0627\u062b\u064a\",\"isPartOf\":{\"@id\":\"https:\\\/\\\/laaith.org\\\/tr\\\/#website\"},\"primaryImageOfPage\":{\"@id\":\"https:\\\/\\\/laaith.org\\\/tr\\\/activities\\\/savas-zamaninda-silte-dagitimi\\\/#primaryimage\"},\"image\":{\"@id\":\"https:\\\/\\\/laaith.org\\\/tr\\\/activities\\\/savas-zamaninda-silte-dagitimi\\\/#primaryimage\"},\"thumbnailUrl\":\"https:\\\/\\\/laaith.org\\\/wp-content\\\/uploads\\\/2026\\\/04\\\/\u0641\u0631\u0634\u0627\u062a-\u0627\u0628\u0648\u0627\u0628-\u0627\u0644\u062e\u064a\u0631-373x240-1.png\",\"datePublished\":\"2026-04-15T09:35:12+00:00\",\"dateModified\":\"2026-04-19T09:54:28+00:00\",\"breadcrumb\":{\"@id\":\"https:\\\/\\\/laaith.org\\\/tr\\\/activities\\\/savas-zamaninda-silte-dagitimi\\\/#breadcrumb\"},\"inLanguage\":\"tr\",\"potentialAction\":[{\"@type\":\"ReadAction\",\"target\":[\"https:\\\/\\\/laaith.org\\\/tr\\\/activities\\\/savas-zamaninda-silte-dagitimi\\\/\"]}]},{\"@type\":\"ImageObject\",\"inLanguage\":\"tr\",\"@id\":\"https:\\\/\\\/laaith.org\\\/tr\\\/activities\\\/savas-zamaninda-silte-dagitimi\\\/#primaryimage\",\"url\":\"https:\\\/\\\/laaith.org\\\/wp-content\\\/uploads\\\/2026\\\/04\\\/\u0641\u0631\u0634\u0627\u062a-\u0627\u0628\u0648\u0627\u0628-\u0627\u0644\u062e\u064a\u0631-373x240-1.png\",\"contentUrl\":\"https:\\\/\\\/laaith.org\\\/wp-content\\\/uploads\\\/2026\\\/04\\\/\u0641\u0631\u0634\u0627\u062a-\u0627\u0628\u0648\u0627\u0628-\u0627\u0644\u062e\u064a\u0631-373x240-1.png\",\"width\":373,\"height\":240},{\"@type\":\"BreadcrumbList\",\"@id\":\"https:\\\/\\\/laaith.org\\\/tr\\\/activities\\\/savas-zamaninda-silte-dagitimi\\\/#breadcrumb\",\"itemListElement\":[{\"@type\":\"ListItem\",\"position\":1,\"name\":\"Home\"},{\"@type\":\"ListItem\",\"position\":2,\"name\":\"activities\",\"item\":\"https:\\\/\\\/laaith.org\\\/tr\\\/activities\\\/\"},{\"@type\":\"ListItem\",\"position\":3,\"name\":\"Sava\u015f zaman\u0131nda \u015filte da\u011f\u0131t\u0131m\u0131\"}]},{\"@type\":\"WebSite\",\"@id\":\"https:\\\/\\\/laaith.org\\\/tr\\\/#website\",\"url\":\"https:\\\/\\\/laaith.org\\\/tr\\\/\",\"name\":\"\u0645\u0643\u062a\u0628 \u0644\u064a\u062b \u0627\u0644\u0625\u063a\u0627\u062b\u064a\",\"description\":\"\",\"publisher\":{\"@id\":\"https:\\\/\\\/laaith.org\\\/tr\\\/#organization\"},\"potentialAction\":[{\"@type\":\"SearchAction\",\"target\":{\"@type\":\"EntryPoint\",\"urlTemplate\":\"https:\\\/\\\/laaith.org\\\/tr\\\/?s={search_term_string}\"},\"query-input\":{\"@type\":\"PropertyValueSpecification\",\"valueRequired\":true,\"valueName\":\"search_term_string\"}}],\"inLanguage\":\"tr\"},{\"@type\":\"Organization\",\"@id\":\"https:\\\/\\\/laaith.org\\\/tr\\\/#organization\",\"name\":\"\u0644\u064a\u062b \u0627\u0644\u0625\u063a\u0627\u062b\u064a\",\"url\":\"https:\\\/\\\/laaith.org\\\/tr\\\/\",\"logo\":{\"@type\":\"ImageObject\",\"inLanguage\":\"tr\",\"@id\":\"https:\\\/\\\/laaith.org\\\/tr\\\/#\\\/schema\\\/logo\\\/image\\\/\",\"url\":\"https:\\\/\\\/laaith.org\\\/wp-content\\\/uploads\\\/2024\\\/09\\\/Group-73.png\",\"contentUrl\":\"https:\\\/\\\/laaith.org\\\/wp-content\\\/uploads\\\/2024\\\/09\\\/Group-73.png\",\"width\":175,\"height\":106,\"caption\":\"\u0644\u064a\u062b \u0627\u0644\u0625\u063a\u0627\u062b\u064a\"},\"image\":{\"@id\":\"https:\\\/\\\/laaith.org\\\/tr\\\/#\\\/schema\\\/logo\\\/image\\\/\"}}]}<\/script>\n<!-- \/ Yoast SEO plugin. -->","yoast_head_json":{"title":"Sava\u015f zaman\u0131nda \u015filte da\u011f\u0131t\u0131m\u0131 - \u0645\u0643\u062a\u0628 \u0644\u064a\u062b \u0627\u0644\u0625\u063a\u0627\u062b\u064a","robots":{"index":"index","follow":"follow","max-snippet":"max-snippet:-1","max-image-preview":"max-image-preview:large","max-video-preview":"max-video-preview:-1"},"canonical":"https:\/\/laaith.org\/tr\/activities\/savas-zamaninda-silte-dagitimi\/","og_locale":"tr_TR","og_type":"article","og_title":"Sava\u015f zaman\u0131nda \u015filte da\u011f\u0131t\u0131m\u0131 - \u0645\u0643\u062a\u0628 \u0644\u064a\u062b \u0627\u0644\u0625\u063a\u0627\u062b\u064a","og_description":"\u201cLaith\u201d yerinden edilmi\u015f insanlara s\u0131cakl\u0131k getiriyor Gazze\u2019de \u0130nsani Dokunu\u015f: Leith Yard\u0131m Ekibi Yerinden Edilmi\u015f Ailelere Yatak Da\u011f\u0131tt\u0131 Gazze \u015eeridi halk\u0131n\u0131n ya\u015fad\u0131\u011f\u0131 zorlu ko\u015fullar alt\u0131nda, Leith Yard\u0131m Ekibi 2 \u015eubat 2025 Pazar g\u00fcn\u00fc yeni bir insani kampanya ba\u015flatt\u0131. Bu kampanya, Kuzey Gazze\u2019deki yerinden edilmi\u015f ve ihtiya\u00e7 sahibi ailelere yeni yataklar\u0131n da\u011f\u0131t\u0131lmas\u0131n\u0131 kapsamaktad\u0131r. Acil \u0130htiya\u00e7 ve Bar\u0131nma [&hellip;]","og_url":"https:\/\/laaith.org\/tr\/activities\/savas-zamaninda-silte-dagitimi\/","og_site_name":"\u0645\u0643\u062a\u0628 \u0644\u064a\u062b \u0627\u0644\u0625\u063a\u0627\u062b\u064a","article_modified_time":"2026-04-19T09:54:28+00:00","og_image":[{"width":373,"height":240,"url":"https:\/\/laaith.org\/wp-content\/uploads\/2026\/04\/\u0641\u0631\u0634\u0627\u062a-\u0627\u0628\u0648\u0627\u0628-\u0627\u0644\u062e\u064a\u0631-373x240-1.png","type":"image\/png"}],"twitter_card":"summary_large_image","twitter_misc":{"Tahmini okuma s\u00fcresi":"2 dakika"},"schema":{"@context":"https:\/\/schema.org","@graph":[{"@type":"WebPage","@id":"https:\/\/laaith.org\/tr\/activities\/savas-zamaninda-silte-dagitimi\/","url":"https:\/\/laaith.org\/tr\/activities\/savas-zamaninda-silte-dagitimi\/","name":"Sava\u015f zaman\u0131nda \u015filte da\u011f\u0131t\u0131m\u0131 - \u0645\u0643\u062a\u0628 \u0644\u064a\u062b \u0627\u0644\u0625\u063a\u0627\u062b\u064a","isPartOf":{"@id":"https:\/\/laaith.org\/tr\/#website"},"primaryImageOfPage":{"@id":"https:\/\/laaith.org\/tr\/activities\/savas-zamaninda-silte-dagitimi\/#primaryimage"},"image":{"@id":"https:\/\/laaith.org\/tr\/activities\/savas-zamaninda-silte-dagitimi\/#primaryimage"},"thumbnailUrl":"https:\/\/laaith.org\/wp-content\/uploads\/2026\/04\/\u0641\u0631\u0634\u0627\u062a-\u0627\u0628\u0648\u0627\u0628-\u0627\u0644\u062e\u064a\u0631-373x240-1.png","datePublished":"2026-04-15T09:35:12+00:00","dateModified":"2026-04-19T09:54:28+00:00","breadcrumb":{"@id":"https:\/\/laaith.org\/tr\/activities\/savas-zamaninda-silte-dagitimi\/#breadcrumb"},"inLanguage":"tr","potentialAction":[{"@type":"ReadAction","target":["https:\/\/laaith.org\/tr\/activities\/savas-zamaninda-silte-dagitimi\/"]}]},{"@type":"ImageObject","inLanguage":"tr","@id":"https:\/\/laaith.org\/tr\/activities\/savas-zamaninda-silte-dagitimi\/#primaryimage","url":"https:\/\/laaith.org\/wp-content\/uploads\/2026\/04\/\u0641\u0631\u0634\u0627\u062a-\u0627\u0628\u0648\u0627\u0628-\u0627\u0644\u062e\u064a\u0631-373x240-1.png","contentUrl":"https:\/\/laaith.org\/wp-content\/uploads\/2026\/04\/\u0641\u0631\u0634\u0627\u062a-\u0627\u0628\u0648\u0627\u0628-\u0627\u0644\u062e\u064a\u0631-373x240-1.png","width":373,"height":240},{"@type":"BreadcrumbList","@id":"https:\/\/laaith.org\/tr\/activities\/savas-zamaninda-silte-dagitimi\/#breadcrumb","itemListElement":[{"@type":"ListItem","position":1,"name":"Home"},{"@type":"ListItem","position":2,"name":"activities","item":"https:\/\/laaith.org\/tr\/activities\/"},{"@type":"ListItem","position":3,"name":"Sava\u015f zaman\u0131nda \u015filte da\u011f\u0131t\u0131m\u0131"}]},{"@type":"WebSite","@id":"https:\/\/laaith.org\/tr\/#website","url":"https:\/\/laaith.org\/tr\/","name":"\u0645\u0643\u062a\u0628 \u0644\u064a\u062b \u0627\u0644\u0625\u063a\u0627\u062b\u064a","description":"","publisher":{"@id":"https:\/\/laaith.org\/tr\/#organization"},"potentialAction":[{"@type":"SearchAction","target":{"@type":"EntryPoint","urlTemplate":"https:\/\/laaith.org\/tr\/?s={search_term_string}"},"query-input":{"@type":"PropertyValueSpecification","valueRequired":true,"valueName":"search_term_string"}}],"inLanguage":"tr"},{"@type":"Organization","@id":"https:\/\/laaith.org\/tr\/#organization","name":"\u0644\u064a\u062b \u0627\u0644\u0625\u063a\u0627\u062b\u064a","url":"https:\/\/laaith.org\/tr\/","logo":{"@type":"ImageObject","inLanguage":"tr","@id":"https:\/\/laaith.org\/tr\/#\/schema\/logo\/image\/","url":"https:\/\/laaith.org\/wp-content\/uploads\/2024\/09\/Group-73.png","contentUrl":"https:\/\/laaith.org\/wp-content\/uploads\/2024\/09\/Group-73.png","width":175,"height":106,"caption":"\u0644\u064a\u062b \u0627\u0644\u0625\u063a\u0627\u062b\u064a"},"image":{"@id":"https:\/\/laaith.org\/tr\/#\/schema\/logo\/image\/"}}]}},"_links":{"self":[{"href":"https:\/\/laaith.org\/tr\/wp-json\/wp\/v2\/activities\/26298","targetHints":{"allow":["GET"]}}],"collection":[{"href":"https:\/\/laaith.org\/tr\/wp-json\/wp\/v2\/activities"}],"about":[{"href":"https:\/\/laaith.org\/tr\/wp-json\/wp\/v2\/types\/activities"}],"version-history":[{"count":1,"href":"https:\/\/laaith.org\/tr\/wp-json\/wp\/v2\/activities\/26298\/revisions"}],"predecessor-version":[{"id":26299,"href":"https:\/\/laaith.org\/tr\/wp-json\/wp\/v2\/activities\/26298\/revisions\/26299"}],"wp:featuredmedia":[{"embeddable":true,"href":"https:\/\/laaith.org\/tr\/wp-json\/wp\/v2\/media\/26297"}],"wp:attachment":[{"href":"https:\/\/laaith.org\/tr\/wp-json\/wp\/v2\/media?parent=26298"}],"curies":[{"name":"wp","href":"https:\/\/api.w.org\/{rel}","templated":true}]}}